{"id":2981,"date":"2022-08-15T17:52:26","date_gmt":"2022-08-15T20:52:26","guid":{"rendered":"https:\/\/www.dooca.com.br\/blog\/?page_id=2981"},"modified":"2022-09-01T15:28:58","modified_gmt":"2022-09-01T18:28:58","slug":"blog-dooca-commerce","status":"publish","type":"page","link":"https:\/\/www.dooca.com.br\/blog\/","title":{"rendered":"Blog Dooca Commerce"},"content":{"rendered":"<p><div id=\"uid_06b9246b0\" class=\"rbc-row rbc-fw-section clearfix is-fullwide\"><div class=\"rbc-container rb-p20-gutter\"><div class=\"rbc-content\">\t\t<div id=\"uid_8a672a330\" class=\"block-wrap fw-block fw-feat-13 none-margin\" >\r\n\t\t\t<div class=\"content-wrap\"><div class=\"content-inner\">\r\n\t<div class=\"load-animation\"><\/div><div class=\"rb-owl slider-feat-13 per-load\">\t\t<div class=\"p-wrap p-overlay p-overlay-9 f-gradient post-3440 sticky\" data-dot=\"ct-nav\">\r\n\t\t\t<div class=\"p-feat\">\r\n\t\t\t\t        <a class=\"p-flink\" href=\"https:\/\/www.dooca.com.br\/blog\/black-friday-2022-transforme-a-sua-loja-em-uma-maquina-de-vendas\/\"\r\n           title=\"Black Friday 2022: transforme a sua loja em uma m\u00e1quina de vendas\">\r\n            <span class=\"rb-iwrap\"><img width=\"1600\" height=\"1067\" src=\"https:\/\/www.dooca.com.br\/blog\/wp-content\/uploads\/2022\/10\/cyber-monday-shopping-sales-1600x1067.jpg\" class=\"attachment-pixwell_780x0-2x size-pixwell_780x0-2x wp-post-image\" alt=\"\" loading=\"lazy\" srcset=\"https:\/\/www.dooca.com.br\/blog\/wp-content\/uploads\/2022\/10\/cyber-monday-shopping-sales-1600x1067.jpg 1600w, https:\/\/www.dooca.com.br\/blog\/wp-content\/uploads\/2022\/10\/cyber-monday-shopping-sales-300x200.jpg 300w, https:\/\/www.dooca.com.br\/blog\/wp-content\/uploads\/2022\/10\/cyber-monday-shopping-sales-1024x683.jpg 1024w, https:\/\/www.dooca.com.br\/blog\/wp-content\/uploads\/2022\/10\/cyber-monday-shopping-sales-768x512.jpg 768w, https:\/\/www.dooca.com.br\/blog\/wp-content\/uploads\/2022\/10\/cyber-monday-shopping-sales-1536x1024.jpg 1536w, https:\/\/www.dooca.com.br\/blog\/wp-content\/uploads\/2022\/10\/cyber-monday-shopping-sales-2048x1365.jpg 2048w, https:\/\/www.dooca.com.br\/blog\/wp-content\/uploads\/2022\/10\/cyber-monday-shopping-sales-450x300.jpg 450w, https:\/\/www.dooca.com.br\/blog\/wp-content\/uploads\/2022\/10\/cyber-monday-shopping-sales-780x520.jpg 780w\" sizes=\"(max-width: 1600px) 100vw, 1600px\" \/><\/span>\r\n        <\/a>\r\n        \t\t\t\t<div class=\"content-overlay is-light-text\">\r\n\t\t\t\t\t<div class=\"rbc-container rb-p20-gutter\">\r\n\t\t\t\t\t\t<div class=\"overlay-holder\">\r\n\t\t\t\t\t\t\t        <aside class=\"p-cat-info is-relative\">\r\n                            <a class=\"cat-info-el cat-info-id-3\" href=\"https:\/\/www.dooca.com.br\/blog\/category\/loja-virtual-ecommerce\/\" rel=\"category\">Loja virtual<\/a>                                <\/aside>\r\n        \t\t\t\t\t\t\t<div class=\"p-header\"><h2 class=\"entry-title h1\">        <a class=\"p-url\" href=\"https:\/\/www.dooca.com.br\/blog\/black-friday-2022-transforme-a-sua-loja-em-uma-maquina-de-vendas\/\" rel=\"bookmark\"\r\n           title=\"Black Friday 2022: transforme a sua loja em uma m\u00e1quina de vendas\">Black Friday 2022: transforme a sua loja em uma m\u00e1quina de vendas<\/a>\r\n        <\/h2><\/div>\r\n\t\t\t\t\t\t\t\t\t\t\t\t\t\t<div class=\"p-footer\">\r\n\t\t\t\t\t\t\t\t<aside class=\"p-meta-info\">        <span class=\"meta-info-el meta-info-author\">\r\n\t\t\t<span class=\"screen-reader-text\">Posted by<\/span>\r\n\t\t\t                <span class=\"meta-avatar\"><img alt='Priscila Fontoura' src='https:\/\/secure.gravatar.com\/avatar\/1b8422129f19d12a070979d28528d1a6?s=22&#038;d=mm&#038;r=g' srcset='https:\/\/secure.gravatar.com\/avatar\/1b8422129f19d12a070979d28528d1a6?s=44&#038;d=mm&#038;r=g 2x' class='avatar avatar-22 photo' height='22' width='22' loading='lazy'\/><\/span>\r\n                <a href=\"https:\/\/www.dooca.com.br\/blog\/author\/priscila-fontoura\/\">Priscila Fontoura<\/a>\r\n            \t\t<\/span>\r\n                <span class=\"meta-info-el meta-info-date\">\r\n\t\t\t                            <abbr class=\"date published\"\r\n                      title=\"2022-10-07T17:42:05-03:00\">7 de outubro de 2022<\/abbr>\r\n            \t\t<\/span>\r\n        <\/aside>\t\t\t\t\t\t\t<\/div>\r\n\t\t\t\t\t\t<\/div>\r\n\t\t\t\t\t<\/div>\r\n\t\t\t\t<\/div>\r\n\t\t\t<\/div>\r\n\t\t\t<div class=\"ct-nav\">\r\n\t\t\t\t<div class=\"ct-nav-holder is-light-text\">\r\n\t\t\t\t\t<span class=\"nav-image\"><img width=\"370\" height=\"250\" src=\"https:\/\/www.dooca.com.br\/blog\/wp-content\/uploads\/2022\/10\/cyber-monday-shopping-sales-370x250.jpg\" class=\"rb-no-lazy wp-post-image\" alt=\"\" loading=\"lazy\" srcset=\"https:\/\/www.dooca.com.br\/blog\/wp-content\/uploads\/2022\/10\/cyber-monday-shopping-sales-370x250.jpg 370w, https:\/\/www.dooca.com.br\/blog\/wp-content\/uploads\/2022\/10\/cyber-monday-shopping-sales-740x500.jpg 740w, https:\/\/www.dooca.com.br\/blog\/wp-content\/uploads\/2022\/10\/cyber-monday-shopping-sales-1110x750.jpg 1110w\" sizes=\"(max-width: 370px) 100vw, 370px\" \/><\/span>\r\n\t\t\t\t\t<p class=\"nav-title h4\">Black Friday 2022: transforme a sua loja em uma m\u00e1quina de vendas<\/p>\r\n\t\t\t\t\t        <span class=\"p-cat-dot\">\r\n\t\t\t                        <i class=\"cat-dot-el cat-info-id-3\"><\/i>\r\n                        \t\t<\/span>\r\n        \t\t\t\t<\/div>\r\n\t\t\t<\/div>\r\n\t\t<\/div>\r\n\t\t\t<div class=\"p-wrap p-overlay p-overlay-9 f-gradient post-3433\" data-dot=\"ct-nav\">\r\n\t\t\t<div class=\"p-feat\">\r\n\t\t\t\t        <a class=\"p-flink\" href=\"https:\/\/www.dooca.com.br\/blog\/importancia-da-emissao-de-nota-fiscal-para-o-seu-negocio\/\"\r\n           title=\"Import\u00e2ncia da emiss\u00e3o de Nota Fiscal para o seu neg\u00f3cio\">\r\n            <span class=\"rb-iwrap\"><img width=\"1000\" height=\"667\" src=\"https:\/\/www.dooca.com.br\/blog\/wp-content\/uploads\/2022\/10\/emissao-de-nota-fiscal-destaque.jpg\" class=\"attachment-pixwell_780x0-2x size-pixwell_780x0-2x wp-post-image\" alt=\"\" loading=\"lazy\" srcset=\"https:\/\/www.dooca.com.br\/blog\/wp-content\/uploads\/2022\/10\/emissao-de-nota-fiscal-destaque.jpg 1000w, https:\/\/www.dooca.com.br\/blog\/wp-content\/uploads\/2022\/10\/emissao-de-nota-fiscal-destaque-300x200.jpg 300w, https:\/\/www.dooca.com.br\/blog\/wp-content\/uploads\/2022\/10\/emissao-de-nota-fiscal-destaque-768x512.jpg 768w, https:\/\/www.dooca.com.br\/blog\/wp-content\/uploads\/2022\/10\/emissao-de-nota-fiscal-destaque-450x300.jpg 450w, https:\/\/www.dooca.com.br\/blog\/wp-content\/uploads\/2022\/10\/emissao-de-nota-fiscal-destaque-780x520.jpg 780w\" sizes=\"(max-width: 1000px) 100vw, 1000px\" \/><\/span>\r\n        <\/a>\r\n        \t\t\t\t<div class=\"content-overlay is-light-text\">\r\n\t\t\t\t\t<div class=\"rbc-container rb-p20-gutter\">\r\n\t\t\t\t\t\t<div class=\"overlay-holder\">\r\n\t\t\t\t\t\t\t        <aside class=\"p-cat-info is-relative\">\r\n                            <a class=\"cat-info-el cat-info-id-3\" href=\"https:\/\/www.dooca.com.br\/blog\/category\/loja-virtual-ecommerce\/\" rel=\"category\">Loja virtual<\/a>                                <\/aside>\r\n        \t\t\t\t\t\t\t<div class=\"p-header\"><h2 class=\"entry-title h1\">        <a class=\"p-url\" href=\"https:\/\/www.dooca.com.br\/blog\/importancia-da-emissao-de-nota-fiscal-para-o-seu-negocio\/\" rel=\"bookmark\"\r\n           title=\"Import\u00e2ncia da emiss\u00e3o de Nota Fiscal para o seu neg\u00f3cio\">Import\u00e2ncia da emiss\u00e3o de Nota Fiscal para o seu neg\u00f3cio<\/a>\r\n        <\/h2><\/div>\r\n\t\t\t\t\t\t\t                <p class=\"entry-summary\">A emiss\u00e3o de Nota Fiscal \u00e9 um processo que pode ser confuso para muitos lojistas. Chegou a hora de entender sua import\u00e2ncia com nossas dicas!<\/p>\r\n            \t\t\t\t\t\t\t<div class=\"p-footer\">\r\n\t\t\t\t\t\t\t\t<aside class=\"p-meta-info\">        <span class=\"meta-info-el meta-info-author\">\r\n\t\t\t<span class=\"screen-reader-text\">Posted by<\/span>\r\n\t\t\t                <span class=\"meta-avatar\"><img alt='Hellenn' src='https:\/\/secure.gravatar.com\/avatar\/ca8ad86af49dc06571e533e5f9f94c0c?s=22&#038;d=mm&#038;r=g' srcset='https:\/\/secure.gravatar.com\/avatar\/ca8ad86af49dc06571e533e5f9f94c0c?s=44&#038;d=mm&#038;r=g 2x' class='avatar avatar-22 photo' height='22' width='22' loading='lazy'\/><\/span>\r\n                <a href=\"https:\/\/www.dooca.com.br\/blog\/author\/hellenn-rech\/\">Hellenn<\/a>\r\n            \t\t<\/span>\r\n                <span class=\"meta-info-el meta-info-date\">\r\n\t\t\t                            <abbr class=\"date published\"\r\n                      title=\"2022-10-06T14:14:11-03:00\">6 de outubro de 2022<\/abbr>\r\n            \t\t<\/span>\r\n        <\/aside>\t\t\t\t\t\t\t<\/div>\r\n\t\t\t\t\t\t<\/div>\r\n\t\t\t\t\t<\/div>\r\n\t\t\t\t<\/div>\r\n\t\t\t<\/div>\r\n\t\t\t<div class=\"ct-nav\">\r\n\t\t\t\t<div class=\"ct-nav-holder is-light-text\">\r\n\t\t\t\t\t<span class=\"nav-image\"><img width=\"370\" height=\"250\" src=\"https:\/\/www.dooca.com.br\/blog\/wp-content\/uploads\/2022\/10\/emissao-de-nota-fiscal-destaque-370x250.jpg\" class=\"rb-no-lazy wp-post-image\" alt=\"\" loading=\"lazy\" srcset=\"https:\/\/www.dooca.com.br\/blog\/wp-content\/uploads\/2022\/10\/emissao-de-nota-fiscal-destaque-370x250.jpg 370w, https:\/\/www.dooca.com.br\/blog\/wp-content\/uploads\/2022\/10\/emissao-de-nota-fiscal-destaque-740x500.jpg 740w\" sizes=\"(max-width: 370px) 100vw, 370px\" \/><\/span>\r\n\t\t\t\t\t<p class=\"nav-title h4\">Import\u00e2ncia da emiss\u00e3o de Nota Fiscal para o seu neg\u00f3cio<\/p>\r\n\t\t\t\t\t        <span class=\"p-cat-dot\">\r\n\t\t\t                        <i class=\"cat-dot-el cat-info-id-3\"><\/i>\r\n                        \t\t<\/span>\r\n        \t\t\t\t<\/div>\r\n\t\t\t<\/div>\r\n\t\t<\/div>\r\n\t\t\t<div class=\"p-wrap p-overlay p-overlay-9 f-gradient post-3424\" data-dot=\"ct-nav\">\r\n\t\t\t<div class=\"p-feat\">\r\n\t\t\t\t        <a class=\"p-flink\" href=\"https:\/\/www.dooca.com.br\/blog\/comportamento-de-consumo-das-mulheres-na-internet\/\"\r\n           title=\"Black Friday: comportamento de consumo das mulheres na internet\">\r\n            <span class=\"rb-iwrap\"><img width=\"1000\" height=\"667\" src=\"https:\/\/www.dooca.com.br\/blog\/wp-content\/uploads\/2022\/09\/destaque-comportamento-de-consumo-das-mulheres.jpg\" class=\"attachment-pixwell_780x0-2x size-pixwell_780x0-2x wp-post-image\" alt=\"\" loading=\"lazy\" srcset=\"https:\/\/www.dooca.com.br\/blog\/wp-content\/uploads\/2022\/09\/destaque-comportamento-de-consumo-das-mulheres.jpg 1000w, https:\/\/www.dooca.com.br\/blog\/wp-content\/uploads\/2022\/09\/destaque-comportamento-de-consumo-das-mulheres-300x200.jpg 300w, https:\/\/www.dooca.com.br\/blog\/wp-content\/uploads\/2022\/09\/destaque-comportamento-de-consumo-das-mulheres-768x512.jpg 768w, https:\/\/www.dooca.com.br\/blog\/wp-content\/uploads\/2022\/09\/destaque-comportamento-de-consumo-das-mulheres-450x300.jpg 450w, https:\/\/www.dooca.com.br\/blog\/wp-content\/uploads\/2022\/09\/destaque-comportamento-de-consumo-das-mulheres-780x520.jpg 780w\" sizes=\"(max-width: 1000px) 100vw, 1000px\" \/><\/span>\r\n        <\/a>\r\n        \t\t\t\t<div class=\"content-overlay is-light-text\">\r\n\t\t\t\t\t<div class=\"rbc-container rb-p20-gutter\">\r\n\t\t\t\t\t\t<div class=\"overlay-holder\">\r\n\t\t\t\t\t\t\t        <aside class=\"p-cat-info is-relative\">\r\n                            <a class=\"cat-info-el cat-info-id-207\" href=\"https:\/\/www.dooca.com.br\/blog\/category\/loja-virtual-ecommerce\/clientes\/\" rel=\"category\">Clientes<\/a>                                <\/aside>\r\n        \t\t\t\t\t\t\t<div class=\"p-header\"><h2 class=\"entry-title h1\">        <a class=\"p-url\" href=\"https:\/\/www.dooca.com.br\/blog\/comportamento-de-consumo-das-mulheres-na-internet\/\" rel=\"bookmark\"\r\n           title=\"Black Friday: comportamento de consumo das mulheres na internet\">Black Friday: comportamento de consumo das mulheres na internet<\/a>\r\n        <\/h2><\/div>\r\n\t\t\t\t\t\t\t                <p class=\"entry-summary\">A Black Friday 2022 est\u00e1 chegando e se voc\u00ea vende para o p\u00fablico feminino, precisa entender sobre o comportamento de consumo das mulheres.<\/p>\r\n            \t\t\t\t\t\t\t<div class=\"p-footer\">\r\n\t\t\t\t\t\t\t\t<aside class=\"p-meta-info\">        <span class=\"meta-info-el meta-info-author\">\r\n\t\t\t<span class=\"screen-reader-text\">Posted by<\/span>\r\n\t\t\t                <span class=\"meta-avatar\"><img alt='Tiago Assis' src='https:\/\/secure.gravatar.com\/avatar\/b8689be90a45ce0d53210c3e09d4954f?s=22&#038;d=mm&#038;r=g' srcset='https:\/\/secure.gravatar.com\/avatar\/b8689be90a45ce0d53210c3e09d4954f?s=44&#038;d=mm&#038;r=g 2x' class='avatar avatar-22 photo' height='22' width='22' loading='lazy'\/><\/span>\r\n                <a href=\"https:\/\/www.dooca.com.br\/blog\/author\/tiago-assis\/\">Tiago Assis<\/a>\r\n            \t\t<\/span>\r\n                <span class=\"meta-info-el meta-info-date\">\r\n\t\t\t                            <abbr class=\"date published\"\r\n                      title=\"2022-09-30T16:48:19-03:00\">30 de setembro de 2022<\/abbr>\r\n            \t\t<\/span>\r\n        <\/aside>\t\t\t\t\t\t\t<\/div>\r\n\t\t\t\t\t\t<\/div>\r\n\t\t\t\t\t<\/div>\r\n\t\t\t\t<\/div>\r\n\t\t\t<\/div>\r\n\t\t\t<div class=\"ct-nav\">\r\n\t\t\t\t<div class=\"ct-nav-holder is-light-text\">\r\n\t\t\t\t\t<span class=\"nav-image\"><img width=\"370\" height=\"250\" src=\"https:\/\/www.dooca.com.br\/blog\/wp-content\/uploads\/2022\/09\/destaque-comportamento-de-consumo-das-mulheres-370x250.jpg\" class=\"rb-no-lazy wp-post-image\" alt=\"\" loading=\"lazy\" srcset=\"https:\/\/www.dooca.com.br\/blog\/wp-content\/uploads\/2022\/09\/destaque-comportamento-de-consumo-das-mulheres-370x250.jpg 370w, https:\/\/www.dooca.com.br\/blog\/wp-content\/uploads\/2022\/09\/destaque-comportamento-de-consumo-das-mulheres-740x500.jpg 740w\" sizes=\"(max-width: 370px) 100vw, 370px\" \/><\/span>\r\n\t\t\t\t\t<p class=\"nav-title h4\">Black Friday: comportamento de consumo das mulheres na internet<\/p>\r\n\t\t\t\t\t        <span class=\"p-cat-dot\">\r\n\t\t\t                        <i class=\"cat-dot-el cat-info-id-207\"><\/i>\r\n                        \t\t<\/span>\r\n        \t\t\t\t<\/div>\r\n\t\t\t<\/div>\r\n\t\t<\/div>\r\n\t\t\t<div class=\"p-wrap p-overlay p-overlay-9 f-gradient post-3418\" data-dot=\"ct-nav\">\r\n\t\t\t<div class=\"p-feat\">\r\n\t\t\t\t        <a class=\"p-flink\" href=\"https:\/\/www.dooca.com.br\/blog\/7-dicas-de-gestao-loja-virtual-black-friday\/\"\r\n           title=\"7 dicas de gest\u00e3o para a Black Friday da sua loja virtual\">\r\n            <span class=\"rb-iwrap\"><img width=\"640\" height=\"427\" src=\"https:\/\/www.dooca.com.br\/blog\/wp-content\/uploads\/2022\/09\/gestao-de-loja-virtual-black-friday-destaque.jpg\" class=\"attachment-pixwell_780x0-2x size-pixwell_780x0-2x wp-post-image\" alt=\"\" loading=\"lazy\" srcset=\"https:\/\/www.dooca.com.br\/blog\/wp-content\/uploads\/2022\/09\/gestao-de-loja-virtual-black-friday-destaque.jpg 640w, https:\/\/www.dooca.com.br\/blog\/wp-content\/uploads\/2022\/09\/gestao-de-loja-virtual-black-friday-destaque-300x200.jpg 300w, https:\/\/www.dooca.com.br\/blog\/wp-content\/uploads\/2022\/09\/gestao-de-loja-virtual-black-friday-destaque-450x300.jpg 450w\" sizes=\"(max-width: 640px) 100vw, 640px\" \/><\/span>\r\n        <\/a>\r\n        \t\t\t\t<div class=\"content-overlay is-light-text\">\r\n\t\t\t\t\t<div class=\"rbc-container rb-p20-gutter\">\r\n\t\t\t\t\t\t<div class=\"overlay-holder\">\r\n\t\t\t\t\t\t\t        <aside class=\"p-cat-info is-relative\">\r\n                            <a class=\"cat-info-el cat-info-id-3\" href=\"https:\/\/www.dooca.com.br\/blog\/category\/loja-virtual-ecommerce\/\" rel=\"category\">Loja virtual<\/a>                                <\/aside>\r\n        \t\t\t\t\t\t\t<div class=\"p-header\"><h2 class=\"entry-title h1\">        <a class=\"p-url\" href=\"https:\/\/www.dooca.com.br\/blog\/7-dicas-de-gestao-loja-virtual-black-friday\/\" rel=\"bookmark\"\r\n           title=\"7 dicas de gest\u00e3o para a Black Friday da sua loja virtual\">7 dicas de gest\u00e3o para a Black Friday da sua loja virtual<\/a>\r\n        <\/h2><\/div>\r\n\t\t\t\t\t\t\t                <p class=\"entry-summary\">A gest\u00e3o de uma loja virtual engloba aspectos como finan\u00e7as, log\u00edstica e marketing. Conhe\u00e7a 7 dicas para mandar bem nessa Black Friday!<\/p>\r\n            \t\t\t\t\t\t\t<div class=\"p-footer\">\r\n\t\t\t\t\t\t\t\t<aside class=\"p-meta-info\">        <span class=\"meta-info-el meta-info-author\">\r\n\t\t\t<span class=\"screen-reader-text\">Posted by<\/span>\r\n\t\t\t                <span class=\"meta-avatar\"><img alt='Tiago Assis' src='https:\/\/secure.gravatar.com\/avatar\/b8689be90a45ce0d53210c3e09d4954f?s=22&#038;d=mm&#038;r=g' srcset='https:\/\/secure.gravatar.com\/avatar\/b8689be90a45ce0d53210c3e09d4954f?s=44&#038;d=mm&#038;r=g 2x' class='avatar avatar-22 photo' height='22' width='22' loading='lazy'\/><\/span>\r\n                <a href=\"https:\/\/www.dooca.com.br\/blog\/author\/tiago-assis\/\">Tiago Assis<\/a>\r\n            \t\t<\/span>\r\n                <span class=\"meta-info-el meta-info-date\">\r\n\t\t\t                            <abbr class=\"date published\"\r\n                      title=\"2022-09-26T17:00:33-03:00\">26 de setembro de 2022<\/abbr>\r\n            \t\t<\/span>\r\n        <\/aside>\t\t\t\t\t\t\t<\/div>\r\n\t\t\t\t\t\t<\/div>\r\n\t\t\t\t\t<\/div>\r\n\t\t\t\t<\/div>\r\n\t\t\t<\/div>\r\n\t\t\t<div class=\"ct-nav\">\r\n\t\t\t\t<div class=\"ct-nav-holder is-light-text\">\r\n\t\t\t\t\t<span class=\"nav-image\"><img width=\"370\" height=\"250\" src=\"https:\/\/www.dooca.com.br\/blog\/wp-content\/uploads\/2022\/09\/gestao-de-loja-virtual-black-friday-destaque-370x250.jpg\" class=\"rb-no-lazy wp-post-image\" alt=\"\" loading=\"lazy\" \/><\/span>\r\n\t\t\t\t\t<p class=\"nav-title h4\">7 dicas de gest\u00e3o para a Black Friday da sua loja virtual<\/p>\r\n\t\t\t\t\t        <span class=\"p-cat-dot\">\r\n\t\t\t                        <i class=\"cat-dot-el cat-info-id-3\"><\/i>\r\n                        \t\t<\/span>\r\n        \t\t\t\t<\/div>\r\n\t\t\t<\/div>\r\n\t\t<\/div>\r\n\t<\/div>\t\t<\/div>\r\n\t\t<\/div>\r\n\t<\/div>\n<\/div><\/div><\/div><div id=\"uid_a9aa03a90\" class=\"rbc-row rbc-fw-section clearfix is-fullwidth\"><div class=\"rbc-container rb-p20-gutter\"><div class=\"rbc-content\"><p>\t\t<div id=\"uid_212a6a389\" class=\"block-wrap fw-block fw-list-2\" data-uuid=\"uid_212a6a389\" data-name=\"fw_list_2\" data-page_max=\"27\" data-page_current=\"1\" data-categories=\"3\" data-order=\"date_post\" data-posts_per_page=\"4\" >\r\n\t\t\t<header class=\"block-header\">\r\n\t\t\t\t\t\t\t<h2 class=\"block-title h3\">Loja virtual<\/h2>\r\n\t\t\t\t\t\t\t\t<\/header>\r\n\t\t\t<div class=\"content-wrap\"><div class=\"content-inner rb-row rb-n20-gutter\">\r\n\t<div class=\"p-outer rb-p20-gutter rb-col-m12 rb-col-d6\">\t\t<div class=\"p-wrap p-list p-list-2 post-3440 sticky\">\r\n\t\t\t\t\t\t\t<div class=\"col-left\">\r\n\t\t\t\t\t<div class=\"p-feat-holder\">\r\n\t\t\t\t\t\t<div class=\"p-feat\">\r\n\t\t\t\t\t\t\t        <a class=\"p-flink\" href=\"https:\/\/www.dooca.com.br\/blog\/black-friday-2022-transforme-a-sua-loja-em-uma-maquina-de-vendas\/\"\r\n           title=\"Black Friday 2022: transforme a sua loja em uma m\u00e1quina de vendas\">\r\n            <span class=\"rb-iwrap pc-75\"><img width=\"280\" height=\"210\" src=\"https:\/\/www.dooca.com.br\/blog\/wp-content\/uploads\/2022\/10\/cyber-monday-shopping-sales-280x210.jpg\" class=\"attachment-pixwell_280x210 size-pixwell_280x210 wp-post-image\" alt=\"\" loading=\"lazy\" srcset=\"https:\/\/www.dooca.com.br\/blog\/wp-content\/uploads\/2022\/10\/cyber-monday-shopping-sales-280x210.jpg 280w, https:\/\/www.dooca.com.br\/blog\/wp-content\/uploads\/2022\/10\/cyber-monday-shopping-sales-560x420.jpg 560w\" sizes=\"(max-width: 280px) 100vw, 280px\" \/><\/span>\r\n        <\/a>\r\n        \t\t\t\t\t\t<\/div>\r\n\t\t\t\t\t\t\t\t\t\t\t<\/div>\r\n\t\t\t\t<\/div>\r\n\t\t\t\t\t\t<div class=\"col-right\">\r\n\t\t\t\t<div class=\"p-header\"><h3 class=\"entry-title\">        <a class=\"p-url\" href=\"https:\/\/www.dooca.com.br\/blog\/black-friday-2022-transforme-a-sua-loja-em-uma-maquina-de-vendas\/\" rel=\"bookmark\"\r\n           title=\"Black Friday 2022: transforme a sua loja em uma m\u00e1quina de vendas\">Black Friday 2022: transforme a sua loja em uma m\u00e1quina de vendas<\/a>\r\n        <\/h3><\/div>\r\n\t\t\t\t\t\t\t\t<div class=\"p-footer\">\r\n\t\t\t\t\t<aside class=\"p-meta-info\">        <span class=\"meta-info-el meta-info-author\">\r\n\t\t\t<span class=\"screen-reader-text\">Posted by<\/span>\r\n\t\t\t                <span class=\"meta-avatar\"><img alt='Priscila Fontoura' src='https:\/\/secure.gravatar.com\/avatar\/1b8422129f19d12a070979d28528d1a6?s=22&#038;d=mm&#038;r=g' srcset='https:\/\/secure.gravatar.com\/avatar\/1b8422129f19d12a070979d28528d1a6?s=44&#038;d=mm&#038;r=g 2x' class='avatar avatar-22 photo' height='22' width='22' loading='lazy'\/><\/span>\r\n                <a href=\"https:\/\/www.dooca.com.br\/blog\/author\/priscila-fontoura\/\">Priscila Fontoura<\/a>\r\n            \t\t<\/span>\r\n        <\/aside>\t\t\t\t<\/div>\r\n\t\t\t<\/div>\r\n\t\t<\/div>\r\n\t<\/div><div class=\"p-outer rb-p20-gutter rb-col-m12 rb-col-d6\">\t\t<div class=\"p-wrap p-list p-list-2 post-3433\">\r\n\t\t\t\t\t\t\t<div class=\"col-left\">\r\n\t\t\t\t\t<div class=\"p-feat-holder\">\r\n\t\t\t\t\t\t<div class=\"p-feat\">\r\n\t\t\t\t\t\t\t        <a class=\"p-flink\" href=\"https:\/\/www.dooca.com.br\/blog\/importancia-da-emissao-de-nota-fiscal-para-o-seu-negocio\/\"\r\n           title=\"Import\u00e2ncia da emiss\u00e3o de Nota Fiscal para o seu neg\u00f3cio\">\r\n            <span class=\"rb-iwrap pc-75\"><img width=\"280\" height=\"210\" src=\"https:\/\/www.dooca.com.br\/blog\/wp-content\/uploads\/2022\/10\/emissao-de-nota-fiscal-destaque-280x210.jpg\" class=\"attachment-pixwell_280x210 size-pixwell_280x210 wp-post-image\" alt=\"\" loading=\"lazy\" srcset=\"https:\/\/www.dooca.com.br\/blog\/wp-content\/uploads\/2022\/10\/emissao-de-nota-fiscal-destaque-280x210.jpg 280w, https:\/\/www.dooca.com.br\/blog\/wp-content\/uploads\/2022\/10\/emissao-de-nota-fiscal-destaque-560x420.jpg 560w\" sizes=\"(max-width: 280px) 100vw, 280px\" \/><\/span>\r\n        <\/a>\r\n        \t\t\t\t\t\t<\/div>\r\n\t\t\t\t\t\t\t\t\t\t\t<\/div>\r\n\t\t\t\t<\/div>\r\n\t\t\t\t\t\t<div class=\"col-right\">\r\n\t\t\t\t<div class=\"p-header\"><h3 class=\"entry-title\">        <a class=\"p-url\" href=\"https:\/\/www.dooca.com.br\/blog\/importancia-da-emissao-de-nota-fiscal-para-o-seu-negocio\/\" rel=\"bookmark\"\r\n           title=\"Import\u00e2ncia da emiss\u00e3o de Nota Fiscal para o seu neg\u00f3cio\">Import\u00e2ncia da emiss\u00e3o de Nota Fiscal para o seu neg\u00f3cio<\/a>\r\n        <\/h3><\/div>\r\n\t\t\t\t                <p class=\"entry-summary\">A emiss\u00e3o de Nota Fiscal \u00e9 um processo que pode ser confuso para muitos lojistas. Chegou a hora de entender sua import\u00e2ncia com nossas dicas!<\/p>\r\n            \t\t\t\t<div class=\"p-footer\">\r\n\t\t\t\t\t<aside class=\"p-meta-info\">        <span class=\"meta-info-el meta-info-author\">\r\n\t\t\t<span class=\"screen-reader-text\">Posted by<\/span>\r\n\t\t\t                <span class=\"meta-avatar\"><img alt='Hellenn' src='https:\/\/secure.gravatar.com\/avatar\/ca8ad86af49dc06571e533e5f9f94c0c?s=22&#038;d=mm&#038;r=g' srcset='https:\/\/secure.gravatar.com\/avatar\/ca8ad86af49dc06571e533e5f9f94c0c?s=44&#038;d=mm&#038;r=g 2x' class='avatar avatar-22 photo' height='22' width='22' loading='lazy'\/><\/span>\r\n                <a href=\"https:\/\/www.dooca.com.br\/blog\/author\/hellenn-rech\/\">Hellenn<\/a>\r\n            \t\t<\/span>\r\n        <\/aside>\t\t\t\t<\/div>\r\n\t\t\t<\/div>\r\n\t\t<\/div>\r\n\t<\/div><div class=\"p-outer rb-p20-gutter rb-col-m12 rb-col-d6\">\t\t<div class=\"p-wrap p-list p-list-2 post-3424\">\r\n\t\t\t\t\t\t\t<div class=\"col-left\">\r\n\t\t\t\t\t<div class=\"p-feat-holder\">\r\n\t\t\t\t\t\t<div class=\"p-feat\">\r\n\t\t\t\t\t\t\t        <a class=\"p-flink\" href=\"https:\/\/www.dooca.com.br\/blog\/comportamento-de-consumo-das-mulheres-na-internet\/\"\r\n           title=\"Black Friday: comportamento de consumo das mulheres na internet\">\r\n            <span class=\"rb-iwrap pc-75\"><img width=\"280\" height=\"210\" src=\"https:\/\/www.dooca.com.br\/blog\/wp-content\/uploads\/2022\/09\/destaque-comportamento-de-consumo-das-mulheres-280x210.jpg\" class=\"attachment-pixwell_280x210 size-pixwell_280x210 wp-post-image\" alt=\"\" loading=\"lazy\" srcset=\"https:\/\/www.dooca.com.br\/blog\/wp-content\/uploads\/2022\/09\/destaque-comportamento-de-consumo-das-mulheres-280x210.jpg 280w, https:\/\/www.dooca.com.br\/blog\/wp-content\/uploads\/2022\/09\/destaque-comportamento-de-consumo-das-mulheres-560x420.jpg 560w\" sizes=\"(max-width: 280px) 100vw, 280px\" \/><\/span>\r\n        <\/a>\r\n        \t\t\t\t\t\t<\/div>\r\n\t\t\t\t\t\t\t\t\t\t\t<\/div>\r\n\t\t\t\t<\/div>\r\n\t\t\t\t\t\t<div class=\"col-right\">\r\n\t\t\t\t<div class=\"p-header\"><h3 class=\"entry-title\">        <a class=\"p-url\" href=\"https:\/\/www.dooca.com.br\/blog\/comportamento-de-consumo-das-mulheres-na-internet\/\" rel=\"bookmark\"\r\n           title=\"Black Friday: comportamento de consumo das mulheres na internet\">Black Friday: comportamento de consumo das mulheres na internet<\/a>\r\n        <\/h3><\/div>\r\n\t\t\t\t                <p class=\"entry-summary\">A Black Friday 2022 est\u00e1 chegando e se voc\u00ea vende para o p\u00fablico feminino, precisa entender sobre o comportamento de consumo das mulheres.<\/p>\r\n            \t\t\t\t<div class=\"p-footer\">\r\n\t\t\t\t\t<aside class=\"p-meta-info\">        <span class=\"meta-info-el meta-info-author\">\r\n\t\t\t<span class=\"screen-reader-text\">Posted by<\/span>\r\n\t\t\t                <span class=\"meta-avatar\"><img alt='Tiago Assis' src='https:\/\/secure.gravatar.com\/avatar\/b8689be90a45ce0d53210c3e09d4954f?s=22&#038;d=mm&#038;r=g' srcset='https:\/\/secure.gravatar.com\/avatar\/b8689be90a45ce0d53210c3e09d4954f?s=44&#038;d=mm&#038;r=g 2x' class='avatar avatar-22 photo' height='22' width='22' loading='lazy'\/><\/span>\r\n                <a href=\"https:\/\/www.dooca.com.br\/blog\/author\/tiago-assis\/\">Tiago Assis<\/a>\r\n            \t\t<\/span>\r\n        <\/aside>\t\t\t\t<\/div>\r\n\t\t\t<\/div>\r\n\t\t<\/div>\r\n\t<\/div><div class=\"p-outer rb-p20-gutter rb-col-m12 rb-col-d6\">\t\t<div class=\"p-wrap p-list p-list-2 post-3418\">\r\n\t\t\t\t\t\t\t<div class=\"col-left\">\r\n\t\t\t\t\t<div class=\"p-feat-holder\">\r\n\t\t\t\t\t\t<div class=\"p-feat\">\r\n\t\t\t\t\t\t\t        <a class=\"p-flink\" href=\"https:\/\/www.dooca.com.br\/blog\/7-dicas-de-gestao-loja-virtual-black-friday\/\"\r\n           title=\"7 dicas de gest\u00e3o para a Black Friday da sua loja virtual\">\r\n            <span class=\"rb-iwrap pc-75\"><img width=\"280\" height=\"210\" src=\"https:\/\/www.dooca.com.br\/blog\/wp-content\/uploads\/2022\/09\/gestao-de-loja-virtual-black-friday-destaque-280x210.jpg\" class=\"attachment-pixwell_280x210 size-pixwell_280x210 wp-post-image\" alt=\"\" loading=\"lazy\" srcset=\"https:\/\/www.dooca.com.br\/blog\/wp-content\/uploads\/2022\/09\/gestao-de-loja-virtual-black-friday-destaque-280x210.jpg 280w, https:\/\/www.dooca.com.br\/blog\/wp-content\/uploads\/2022\/09\/gestao-de-loja-virtual-black-friday-destaque-560x420.jpg 560w\" sizes=\"(max-width: 280px) 100vw, 280px\" \/><\/span>\r\n        <\/a>\r\n        \t\t\t\t\t\t<\/div>\r\n\t\t\t\t\t\t\t\t\t\t\t<\/div>\r\n\t\t\t\t<\/div>\r\n\t\t\t\t\t\t<div class=\"col-right\">\r\n\t\t\t\t<div class=\"p-header\"><h3 class=\"entry-title\">        <a class=\"p-url\" href=\"https:\/\/www.dooca.com.br\/blog\/7-dicas-de-gestao-loja-virtual-black-friday\/\" rel=\"bookmark\"\r\n           title=\"7 dicas de gest\u00e3o para a Black Friday da sua loja virtual\">7 dicas de gest\u00e3o para a Black Friday da sua loja virtual<\/a>\r\n        <\/h3><\/div>\r\n\t\t\t\t                <p class=\"entry-summary\">A gest\u00e3o de uma loja virtual engloba aspectos como finan\u00e7as, log\u00edstica e marketing. Conhe\u00e7a 7 dicas para mandar bem nessa Black Friday!<\/p>\r\n            \t\t\t\t<div class=\"p-footer\">\r\n\t\t\t\t\t<aside class=\"p-meta-info\">        <span class=\"meta-info-el meta-info-author\">\r\n\t\t\t<span class=\"screen-reader-text\">Posted by<\/span>\r\n\t\t\t                <span class=\"meta-avatar\"><img alt='Tiago Assis' src='https:\/\/secure.gravatar.com\/avatar\/b8689be90a45ce0d53210c3e09d4954f?s=22&#038;d=mm&#038;r=g' srcset='https:\/\/secure.gravatar.com\/avatar\/b8689be90a45ce0d53210c3e09d4954f?s=44&#038;d=mm&#038;r=g 2x' class='avatar avatar-22 photo' height='22' width='22' loading='lazy'\/><\/span>\r\n                <a href=\"https:\/\/www.dooca.com.br\/blog\/author\/tiago-assis\/\">Tiago Assis<\/a>\r\n            \t\t<\/span>\r\n        <\/aside>\t\t\t\t<\/div>\r\n\t\t\t<\/div>\r\n\t\t<\/div>\r\n\t<\/div>\t\t<\/div>\r\n\t\t<\/div>\r\n\t        <div class=\"pagination-wrap pagination-loadmore clearfix\">\r\n            <a href=\"#\" class=\"loadmore-link\"><span>Ver mais<\/span><\/a>\r\n            <span class=\"loadmore-animation\"><\/span>\r\n        <\/div>\r\n        <\/div><\/p>\n<\/div><\/div><\/div><div id=\"uid_64aa57430\" class=\"rbc-row rbc-fw-section clearfix is-fullwidth\"><div class=\"rbc-container rb-p20-gutter\"><div class=\"rbc-content\"><p>\t\t<div id=\"uid_44a241003\" class=\"block-wrap fw-banner none-margin is-dark-style\" >\r\n\t\t\t<div class=\"content-wrap\"><div class=\"content-inner\">\r\n\t\t\t<div class=\"banners-wrap\">\r\n\t\t\t<div class=\"banners-inner rb-n15-gutter\">\r\n\t\t\t\t\t\t<div class=\"el-banner rb-p15-gutter\">\r\n\t\t\t<div class=\"el-banner-inner\">\r\n\t\t\t\t\t\t\t\t\t\t<span class=\"s-lazyload rb-iwrap\"><img class=\"rb-lazyload\" src=\"data:image\/gif;base64,R0lGODdhAQABAPAAAMPDwwAAACwAAAAAAQABAAACAkQBADs=\" data-src=\"https:\/\/www.dooca.com.br\/blog\/wp-content\/uploads\/2022\/08\/comunidade-dooca-1.jpg\" alt=\"banner\"\/><\/span>\r\n\t\t\t\t\t\t\t\t\t\t<a href=\"https:\/\/comunidade.doocamais.com.br\/\"  target=\"_blank\"  rel=\"nofollow\" class=\"banner-url\" title=\"banner\"><\/a>\r\n\t\t\t\t\t\t\t<\/div>\r\n\t\t<\/div>\r\n\t\t\t<div class=\"el-banner rb-p15-gutter\">\r\n\t\t\t<div class=\"el-banner-inner\">\r\n\t\t\t\t\t\t\t\t\t\t<span class=\"s-lazyload rb-iwrap\"><img class=\"rb-lazyload\" src=\"data:image\/gif;base64,R0lGODdhAQABAPAAAMPDwwAAACwAAAAAAQABAAACAkQBADs=\" data-src=\"https:\/\/www.dooca.com.br\/blog\/wp-content\/uploads\/2022\/08\/dooca-commerce-no-youtube2.jpg\" alt=\"banner\"\/><\/span>\r\n\t\t\t\t\t\t\t\t\t\t<a href=\"https:\/\/www.youtube.com\/c\/CanaldaDooca\"  target=\"_blank\"  rel=\"nofollow\" class=\"banner-url\" title=\"banner\"><\/a>\r\n\t\t\t\t\t\t\t<\/div>\r\n\t\t<\/div>\r\n\t\t\t\t<\/div>\r\n\t\t<\/div>\r\n\t\t\t\t<\/div>\r\n\t\t<\/div>\r\n\t<\/div><\/p>\n<\/div><\/div><\/div><div id=\"uid_7a3943784\" class=\"rbc-row rbc-content-section is-wrapper is-sidebar-right\"><div class=\"rbc-container rb-p20-gutter\"><div class=\"rbc-wrap\"><div class=\"rbc-content\"><p>\t\t<div id=\"uid_12a3543a4\" class=\"block-wrap ct-block ct-grid-1\" >\r\n\t\t\t<header class=\"block-header\">\r\n\t\t\t\t\t\t\t<h2 class=\"block-title h3\">Empreendedorismo<\/h2>\r\n\t\t\t\t\t\t\t\t<\/header>\r\n\t\t\t<div class=\"content-wrap\"><div class=\"content-inner rb-row rb-n20-gutter\">\r\n\t<div class=\"p-outer rb-p20-gutter rb-col-t6 rb-col-m12\">\t\t<div class=\"p-wrap p-grid p-grid-1 post-3407 no-avatar\">\r\n\t\t\t\t\t\t\t<div class=\"p-feat-holder\">\r\n\t\t\t\t\t<div class=\"p-feat\">\r\n\t\t\t\t\t\t        <a class=\"p-flink\" href=\"https:\/\/www.dooca.com.br\/blog\/black-friday-2022-7-dicas\/\"\r\n           title=\"Black Friday 2022: 7 dicas para preparar sua loja virtual\">\r\n            <span class=\"rb-iwrap\"><img width=\"370\" height=\"250\" src=\"https:\/\/www.dooca.com.br\/blog\/wp-content\/uploads\/2022\/09\/destaque-black-friday-compras-370x250.jpg\" class=\"attachment-pixwell_370x250 size-pixwell_370x250 wp-post-image\" alt=\"\" loading=\"lazy\" srcset=\"https:\/\/www.dooca.com.br\/blog\/wp-content\/uploads\/2022\/09\/destaque-black-friday-compras-370x250.jpg 370w, https:\/\/www.dooca.com.br\/blog\/wp-content\/uploads\/2022\/09\/destaque-black-friday-compras-740x500.jpg 740w\" sizes=\"(max-width: 370px) 100vw, 370px\" \/><\/span>\r\n        <\/a>\r\n                <aside class=\"p-cat-info is-absolute\">\r\n                            <a class=\"cat-info-el cat-info-id-18\" href=\"https:\/\/www.dooca.com.br\/blog\/category\/empreendedorismo-e-commerce\/\" rel=\"category\">Empreendedorismo<\/a>                                <\/aside>\r\n        \t\t\t\t\t<\/div>\r\n\t\t\t\t\t\t\t\t\t<\/div>\r\n\t\t\t\t\t\t<div class=\"p-header\"><h3 class=\"entry-title\">        <a class=\"p-url\" href=\"https:\/\/www.dooca.com.br\/blog\/black-friday-2022-7-dicas\/\" rel=\"bookmark\"\r\n           title=\"Black Friday 2022: 7 dicas para preparar sua loja virtual\">Black Friday 2022: 7 dicas para preparar sua loja virtual<\/a>\r\n        <\/h3><\/div>\r\n\t\t\t\t\t\t<div class=\"p-footer\">\r\n\t\t\t\t<aside class=\"p-meta-info\">        <span class=\"meta-info-el meta-info-date\">\r\n\t\t\t                            <abbr class=\"date published\"\r\n                      title=\"2022-09-16T17:32:12-03:00\">16 de setembro de 2022<\/abbr>\r\n            \t\t<\/span>\r\n        <\/aside>        <a class=\"btn p-link\"\r\n           href=\"https:\/\/www.dooca.com.br\/blog\/black-friday-2022-7-dicas\/\"><span>Ler mais<\/span><i\r\n                    class=\"rbi rbi-arrow-right\"><\/i><\/a>\r\n        \t\t\t<\/div>\r\n\t\t<\/div>\r\n\t<\/div><div class=\"p-outer rb-p20-gutter rb-col-t6 rb-col-m12\">\t\t<div class=\"p-wrap p-grid p-grid-1 post-3394 no-avatar\">\r\n\t\t\t\t\t\t\t<div class=\"p-feat-holder\">\r\n\t\t\t\t\t<div class=\"p-feat\">\r\n\t\t\t\t\t\t        <a class=\"p-flink\" href=\"https:\/\/www.dooca.com.br\/blog\/smarthint-guia-de-materiais\/\"\r\n           title=\"SmartHint lan\u00e7a guia de materiais para sua jornada de sucesso no e-commerce\">\r\n            <span class=\"rb-iwrap\"><img width=\"370\" height=\"250\" src=\"https:\/\/www.dooca.com.br\/blog\/wp-content\/uploads\/2022\/09\/image-2-370x250.png\" class=\"attachment-pixwell_370x250 size-pixwell_370x250 wp-post-image\" alt=\"\" loading=\"lazy\" srcset=\"https:\/\/www.dooca.com.br\/blog\/wp-content\/uploads\/2022\/09\/image-2-370x250.png 370w, https:\/\/www.dooca.com.br\/blog\/wp-content\/uploads\/2022\/09\/image-2-300x203.png 300w, https:\/\/www.dooca.com.br\/blog\/wp-content\/uploads\/2022\/09\/image-2-450x304.png 450w, https:\/\/www.dooca.com.br\/blog\/wp-content\/uploads\/2022\/09\/image-2.png 740w\" sizes=\"(max-width: 370px) 100vw, 370px\" \/><\/span>\r\n        <\/a>\r\n                <aside class=\"p-cat-info is-absolute\">\r\n                            <a class=\"cat-info-el cat-info-id-18\" href=\"https:\/\/www.dooca.com.br\/blog\/category\/empreendedorismo-e-commerce\/\" rel=\"category\">Empreendedorismo<\/a><a class=\"cat-info-el cat-info-id-3\" href=\"https:\/\/www.dooca.com.br\/blog\/category\/loja-virtual-ecommerce\/\" rel=\"category\">Loja virtual<\/a>                                <\/aside>\r\n        \t\t\t\t\t<\/div>\r\n\t\t\t\t\t\t\t\t\t<\/div>\r\n\t\t\t\t\t\t<div class=\"p-header\"><h3 class=\"entry-title\">        <a class=\"p-url\" href=\"https:\/\/www.dooca.com.br\/blog\/smarthint-guia-de-materiais\/\" rel=\"bookmark\"\r\n           title=\"SmartHint lan\u00e7a guia de materiais para sua jornada de sucesso no e-commerce\">SmartHint lan\u00e7a guia de materiais para sua jornada de sucesso no e-commerce<\/a>\r\n        <\/h3><\/div>\r\n\t\t\t\t\t\t<div class=\"p-footer\">\r\n\t\t\t\t<aside class=\"p-meta-info\">        <span class=\"meta-info-el meta-info-date\">\r\n\t\t\t                            <abbr class=\"date published\"\r\n                      title=\"2022-09-14T11:34:05-03:00\">14 de setembro de 2022<\/abbr>\r\n            \t\t<\/span>\r\n        <\/aside>        <a class=\"btn p-link\"\r\n           href=\"https:\/\/www.dooca.com.br\/blog\/smarthint-guia-de-materiais\/\"><span>Ler mais<\/span><i\r\n                    class=\"rbi rbi-arrow-right\"><\/i><\/a>\r\n        \t\t\t<\/div>\r\n\t\t<\/div>\r\n\t<\/div><div class=\"p-outer rb-p20-gutter rb-col-t6 rb-col-m12\">\t\t<div class=\"p-wrap p-grid p-grid-1 post-3385 no-avatar\">\r\n\t\t\t\t\t\t\t<div class=\"p-feat-holder\">\r\n\t\t\t\t\t<div class=\"p-feat\">\r\n\t\t\t\t\t\t        <a class=\"p-flink\" href=\"https:\/\/www.dooca.com.br\/blog\/black-friday-2022-panorama-e-tendencias\/\"\r\n           title=\"Panorama e tend\u00eancias da Black Friday de 2022 no e-commerce\">\r\n            <span class=\"rb-iwrap\"><img width=\"370\" height=\"250\" src=\"https:\/\/www.dooca.com.br\/blog\/wp-content\/uploads\/2022\/09\/black-friday-2022-omnichannel-370x250.jpg\" class=\"attachment-pixwell_370x250 size-pixwell_370x250 wp-post-image\" alt=\"\" loading=\"lazy\" \/><\/span>\r\n        <\/a>\r\n                <aside class=\"p-cat-info is-absolute\">\r\n                            <a class=\"cat-info-el cat-info-id-18\" href=\"https:\/\/www.dooca.com.br\/blog\/category\/empreendedorismo-e-commerce\/\" rel=\"category\">Empreendedorismo<\/a>                                <\/aside>\r\n        \t\t\t\t\t<\/div>\r\n\t\t\t\t\t\t\t\t\t<\/div>\r\n\t\t\t\t\t\t<div class=\"p-header\"><h3 class=\"entry-title\">        <a class=\"p-url\" href=\"https:\/\/www.dooca.com.br\/blog\/black-friday-2022-panorama-e-tendencias\/\" rel=\"bookmark\"\r\n           title=\"Panorama e tend\u00eancias da Black Friday de 2022 no e-commerce\">Panorama e tend\u00eancias da Black Friday de 2022 no e-commerce<\/a>\r\n        <\/h3><\/div>\r\n\t\t\t\t\t\t<div class=\"p-footer\">\r\n\t\t\t\t<aside class=\"p-meta-info\">        <span class=\"meta-info-el meta-info-date\">\r\n\t\t\t                            <abbr class=\"date published\"\r\n                      title=\"2022-09-12T17:31:57-03:00\">12 de setembro de 2022<\/abbr>\r\n            \t\t<\/span>\r\n        <\/aside>        <a class=\"btn p-link\"\r\n           href=\"https:\/\/www.dooca.com.br\/blog\/black-friday-2022-panorama-e-tendencias\/\"><span>Ler mais<\/span><i\r\n                    class=\"rbi rbi-arrow-right\"><\/i><\/a>\r\n        \t\t\t<\/div>\r\n\t\t<\/div>\r\n\t<\/div><div class=\"p-outer rb-p20-gutter rb-col-t6 rb-col-m12\">\t\t<div class=\"p-wrap p-grid p-grid-1 post-3381 no-avatar\">\r\n\t\t\t\t\t\t\t<div class=\"p-feat-holder\">\r\n\t\t\t\t\t<div class=\"p-feat\">\r\n\t\t\t\t\t\t        <a class=\"p-flink\" href=\"https:\/\/www.dooca.com.br\/blog\/como-fazer-gestao-financeira-na-sua-empresa\/\"\r\n           title=\"Voc\u00ea sabe como fazer a gest\u00e3o financeira da sua empresa?\">\r\n            <span class=\"rb-iwrap\"><img width=\"370\" height=\"250\" src=\"https:\/\/www.dooca.com.br\/blog\/wp-content\/uploads\/2022\/09\/gestao-financeira-370x250.jpg\" class=\"attachment-pixwell_370x250 size-pixwell_370x250 wp-post-image\" alt=\"\" loading=\"lazy\" srcset=\"https:\/\/www.dooca.com.br\/blog\/wp-content\/uploads\/2022\/09\/gestao-financeira-370x250.jpg 370w, https:\/\/www.dooca.com.br\/blog\/wp-content\/uploads\/2022\/09\/gestao-financeira-740x500.jpg 740w, https:\/\/www.dooca.com.br\/blog\/wp-content\/uploads\/2022\/09\/gestao-financeira-1110x750.jpg 1110w\" sizes=\"(max-width: 370px) 100vw, 370px\" \/><\/span>\r\n        <\/a>\r\n                <aside class=\"p-cat-info is-absolute\">\r\n                            <a class=\"cat-info-el cat-info-id-18\" href=\"https:\/\/www.dooca.com.br\/blog\/category\/empreendedorismo-e-commerce\/\" rel=\"category\">Empreendedorismo<\/a>                                <\/aside>\r\n        \t\t\t\t\t<\/div>\r\n\t\t\t\t\t\t\t\t\t<\/div>\r\n\t\t\t\t\t\t<div class=\"p-header\"><h3 class=\"entry-title\">        <a class=\"p-url\" href=\"https:\/\/www.dooca.com.br\/blog\/como-fazer-gestao-financeira-na-sua-empresa\/\" rel=\"bookmark\"\r\n           title=\"Voc\u00ea sabe como fazer a gest\u00e3o financeira da sua empresa?\">Voc\u00ea sabe como fazer a gest\u00e3o financeira da sua empresa?<\/a>\r\n        <\/h3><\/div>\r\n\t\t\t\t\t\t<div class=\"p-footer\">\r\n\t\t\t\t<aside class=\"p-meta-info\">        <span class=\"meta-info-el meta-info-date\">\r\n\t\t\t                            <abbr class=\"date published\"\r\n                      title=\"2022-09-06T14:55:40-03:00\">6 de setembro de 2022<\/abbr>\r\n            \t\t<\/span>\r\n        <\/aside>        <a class=\"btn p-link\"\r\n           href=\"https:\/\/www.dooca.com.br\/blog\/como-fazer-gestao-financeira-na-sua-empresa\/\"><span>Ler mais<\/span><i\r\n                    class=\"rbi rbi-arrow-right\"><\/i><\/a>\r\n        \t\t\t<\/div>\r\n\t\t<\/div>\r\n\t<\/div>\t\t<\/div>\r\n\t\t<\/div>\r\n\t<\/div><\/p>\n<\/div><aside class=\"rbc-sidebar\"><div class=\"sidebar-inner\"><div id=\"block-5\" class=\"widget w-sidebar widget_block widget_media_image\">\n<figure class=\"wp-block-image size-full\"><a href=\"https:\/\/cadastro.dooca.store\/?origin=dooca-direct&amp;utm_source=google&amp;utm_medium=blog-organico&amp;utm_campaign=banner-lateral-blog\"><img loading=\"lazy\" width=\"336\" height=\"380\" src=\"https:\/\/www.dooca.com.br\/blog\/wp-content\/uploads\/2022\/08\/dooca-commerce-venda-online-2.jpg\" alt=\"\" class=\"wp-image-3310\" srcset=\"https:\/\/www.dooca.com.br\/blog\/wp-content\/uploads\/2022\/08\/dooca-commerce-venda-online-2.jpg 336w, https:\/\/www.dooca.com.br\/blog\/wp-content\/uploads\/2022\/08\/dooca-commerce-venda-online-2-265x300.jpg 265w\" sizes=\"(max-width: 336px) 100vw, 336px\" \/><\/a><\/figure>\n<\/div><div id=\"block-6\" class=\"widget w-sidebar widget_block widget_media_image\">\n<figure class=\"wp-block-image size-full\"><a href=\"https:\/\/materiais.dooca.com.br\/ebook-montando-sua-primeira-loja-virtual\"><img loading=\"lazy\" width=\"336\" height=\"380\" src=\"https:\/\/www.dooca.com.br\/blog\/wp-content\/uploads\/2022\/08\/como-criar-minha-primeira-loja-virtual.jpg\" alt=\"\" class=\"wp-image-3300\" srcset=\"https:\/\/www.dooca.com.br\/blog\/wp-content\/uploads\/2022\/08\/como-criar-minha-primeira-loja-virtual.jpg 336w, https:\/\/www.dooca.com.br\/blog\/wp-content\/uploads\/2022\/08\/como-criar-minha-primeira-loja-virtual-265x300.jpg 265w\" sizes=\"(max-width: 336px) 100vw, 336px\" \/><\/a><\/figure>\n<\/div><\/div><\/aside><\/div><\/div><\/div><div id=\"uid_8887438b5\" class=\"rbc-row rbc-fw-section clearfix is-fullwidth\"><div class=\"rbc-container rb-p20-gutter\"><div class=\"rbc-content\">\t\t<div id=\"uid_1174366a3\" class=\"block-wrap fw-block fw-list-2 is-light-text\" >\r\n\t\t\t<header class=\"block-header\">\r\n\t\t\t\t\t\t\t<h2 class=\"block-title h3\">Marketing<\/h2>\r\n\t\t\t\t\t\t\t\t<\/header>\r\n\t\t\t<div class=\"content-wrap\"><div class=\"content-inner rb-row rb-n20-gutter\">\r\n\t<div class=\"p-outer rb-p20-gutter rb-col-m12 rb-col-d6\">\t\t<div class=\"p-wrap p-list p-list-2 post-2152\">\r\n\t\t\t\t\t\t\t<div class=\"col-left\">\r\n\t\t\t\t\t<div class=\"p-feat-holder\">\r\n\t\t\t\t\t\t<div class=\"p-feat\">\r\n\t\t\t\t\t\t\t        <a class=\"p-flink\" href=\"https:\/\/www.dooca.com.br\/blog\/pixel-e-api-de-conversoes-facebook\/\"\r\n           title=\"Facebook Pixel e API de Convers\u00f5es: diferen\u00e7as e aplica\u00e7\u00f5es\">\r\n            <span class=\"rb-iwrap pc-75\"><img width=\"280\" height=\"210\" src=\"https:\/\/www.dooca.com.br\/blog\/wp-content\/uploads\/2021\/11\/Facebook-Pixel-e-API-de-Conversoes-280x210.jpg\" class=\"attachment-pixwell_280x210 size-pixwell_280x210 wp-post-image\" alt=\"\" loading=\"lazy\" \/><\/span>\r\n        <\/a>\r\n        \t\t\t\t\t\t<\/div>\r\n\t\t\t\t\t\t\t\t\t\t\t<\/div>\r\n\t\t\t\t<\/div>\r\n\t\t\t\t\t\t<div class=\"col-right\">\r\n\t\t\t\t<div class=\"p-header\"><h3 class=\"entry-title\">        <a class=\"p-url\" href=\"https:\/\/www.dooca.com.br\/blog\/pixel-e-api-de-conversoes-facebook\/\" rel=\"bookmark\"\r\n           title=\"Facebook Pixel e API de Convers\u00f5es: diferen\u00e7as e aplica\u00e7\u00f5es\">Facebook Pixel e API de Convers\u00f5es: diferen\u00e7as e aplica\u00e7\u00f5es<\/a>\r\n        <\/h3><\/div>\r\n\t\t\t\t                <p class=\"entry-summary\">Conhe\u00e7a mais detalhes sobre os recursos Pixel e API de Convers\u00f5es do Facebook, assim como seus os significados, diferen\u00e7as e aplica\u00e7\u00f5es.<\/p>\r\n            \t\t\t\t<div class=\"p-footer\">\r\n\t\t\t\t\t<aside class=\"p-meta-info\">        <span class=\"meta-info-el meta-info-author\">\r\n\t\t\t<span class=\"screen-reader-text\">Posted by<\/span>\r\n\t\t\t                <span class=\"meta-avatar\"><img alt='Tiago Assis' src='https:\/\/secure.gravatar.com\/avatar\/b8689be90a45ce0d53210c3e09d4954f?s=22&#038;d=mm&#038;r=g' srcset='https:\/\/secure.gravatar.com\/avatar\/b8689be90a45ce0d53210c3e09d4954f?s=44&#038;d=mm&#038;r=g 2x' class='avatar avatar-22 photo' height='22' width='22' loading='lazy'\/><\/span>\r\n                <a href=\"https:\/\/www.dooca.com.br\/blog\/author\/tiago-assis\/\">Tiago Assis<\/a>\r\n            \t\t<\/span>\r\n        <\/aside>\t\t\t\t<\/div>\r\n\t\t\t<\/div>\r\n\t\t<\/div>\r\n\t<\/div><div class=\"p-outer rb-p20-gutter rb-col-m12 rb-col-d6\">\t\t<div class=\"p-wrap p-list p-list-2 post-1927\">\r\n\t\t\t\t\t\t\t<div class=\"col-left\">\r\n\t\t\t\t\t<div class=\"p-feat-holder\">\r\n\t\t\t\t\t\t<div class=\"p-feat\">\r\n\t\t\t\t\t\t\t        <a class=\"p-flink\" href=\"https:\/\/www.dooca.com.br\/blog\/como-usar-as-redes-sociais-para-alavancar-sua-loja-virtual\/\"\r\n           title=\"Como usar as redes sociais para alavancar sua loja virtual\">\r\n            <span class=\"rb-iwrap pc-75\"><img width=\"280\" height=\"210\" src=\"https:\/\/www.dooca.com.br\/blog\/wp-content\/uploads\/2021\/10\/dole777-EQSPI11rf68-unsplash-280x210.jpg\" class=\"attachment-pixwell_280x210 size-pixwell_280x210 wp-post-image\" alt=\"\" loading=\"lazy\" \/><\/span>\r\n        <\/a>\r\n        \t\t\t\t\t\t<\/div>\r\n\t\t\t\t\t\t\t\t\t\t\t<\/div>\r\n\t\t\t\t<\/div>\r\n\t\t\t\t\t\t<div class=\"col-right\">\r\n\t\t\t\t<div class=\"p-header\"><h3 class=\"entry-title\">        <a class=\"p-url\" href=\"https:\/\/www.dooca.com.br\/blog\/como-usar-as-redes-sociais-para-alavancar-sua-loja-virtual\/\" rel=\"bookmark\"\r\n           title=\"Como usar as redes sociais para alavancar sua loja virtual\">Como usar as redes sociais para alavancar sua loja virtual<\/a>\r\n        <\/h3><\/div>\r\n\t\t\t\t                <p class=\"entry-summary\">Se voc\u00ea ainda n\u00e3o utiliza as redes sociais para alavancar sua loja virtual, n\u00e3o perca tempo e comece a explorar as possibilidades que essas ferramentas oferecem.<\/p>\r\n            \t\t\t\t<div class=\"p-footer\">\r\n\t\t\t\t\t<aside class=\"p-meta-info\">        <span class=\"meta-info-el meta-info-author\">\r\n\t\t\t<span class=\"screen-reader-text\">Posted by<\/span>\r\n\t\t\t                <span class=\"meta-avatar\"><img alt='Tiago Assis' src='https:\/\/secure.gravatar.com\/avatar\/b8689be90a45ce0d53210c3e09d4954f?s=22&#038;d=mm&#038;r=g' srcset='https:\/\/secure.gravatar.com\/avatar\/b8689be90a45ce0d53210c3e09d4954f?s=44&#038;d=mm&#038;r=g 2x' class='avatar avatar-22 photo' height='22' width='22' loading='lazy'\/><\/span>\r\n                <a href=\"https:\/\/www.dooca.com.br\/blog\/author\/tiago-assis\/\">Tiago Assis<\/a>\r\n            \t\t<\/span>\r\n        <\/aside>\t\t\t\t<\/div>\r\n\t\t\t<\/div>\r\n\t\t<\/div>\r\n\t<\/div><div class=\"p-outer rb-p20-gutter rb-col-m12 rb-col-d6\">\t\t<div class=\"p-wrap p-list p-list-2 post-1899\">\r\n\t\t\t\t\t\t\t<div class=\"col-left\">\r\n\t\t\t\t\t<div class=\"p-feat-holder\">\r\n\t\t\t\t\t\t<div class=\"p-feat\">\r\n\t\t\t\t\t\t\t        <a class=\"p-flink\" href=\"https:\/\/www.dooca.com.br\/blog\/google-meu-negocio-loja-virtual\/\"\r\n           title=\"Como usar o Google Meu Neg\u00f3cio em sua loja virtual?\">\r\n            <span class=\"rb-iwrap pc-75\"><img width=\"280\" height=\"210\" src=\"https:\/\/www.dooca.com.br\/blog\/wp-content\/uploads\/2021\/09\/Google-Meu-negocio-Loja-virtual-280x210.jpg\" class=\"attachment-pixwell_280x210 size-pixwell_280x210 wp-post-image\" alt=\"Google meu neg\u00f3cio loja virtual\" loading=\"lazy\" srcset=\"https:\/\/www.dooca.com.br\/blog\/wp-content\/uploads\/2021\/09\/Google-Meu-negocio-Loja-virtual-280x210.jpg 280w, https:\/\/www.dooca.com.br\/blog\/wp-content\/uploads\/2021\/09\/Google-Meu-negocio-Loja-virtual-560x420.jpg 560w\" sizes=\"(max-width: 280px) 100vw, 280px\" \/><\/span>\r\n        <\/a>\r\n        \t\t\t\t\t\t<\/div>\r\n\t\t\t\t\t\t\t\t\t\t\t<\/div>\r\n\t\t\t\t<\/div>\r\n\t\t\t\t\t\t<div class=\"col-right\">\r\n\t\t\t\t<div class=\"p-header\"><h3 class=\"entry-title\">        <a class=\"p-url\" href=\"https:\/\/www.dooca.com.br\/blog\/google-meu-negocio-loja-virtual\/\" rel=\"bookmark\"\r\n           title=\"Como usar o Google Meu Neg\u00f3cio em sua loja virtual?\">Como usar o Google Meu Neg\u00f3cio em sua loja virtual?<\/a>\r\n        <\/h3><\/div>\r\n\t\t\t\t                <p class=\"entry-summary\">Conhe\u00e7a o Google Meu Neg\u00f3cio e veja como utilizar essa ferramenta gratuita para atingir mais resultados nas vendas da sua loja virtual!<\/p>\r\n            \t\t\t\t<div class=\"p-footer\">\r\n\t\t\t\t\t<aside class=\"p-meta-info\">        <span class=\"meta-info-el meta-info-author\">\r\n\t\t\t<span class=\"screen-reader-text\">Posted by<\/span>\r\n\t\t\t                <span class=\"meta-avatar\"><img alt='Aline Rezende' src='https:\/\/secure.gravatar.com\/avatar\/2bf6334a533804d53f43cc1a4d8976c9?s=22&#038;d=mm&#038;r=g' srcset='https:\/\/secure.gravatar.com\/avatar\/2bf6334a533804d53f43cc1a4d8976c9?s=44&#038;d=mm&#038;r=g 2x' class='avatar avatar-22 photo' height='22' width='22' loading='lazy'\/><\/span>\r\n                <a href=\"https:\/\/www.dooca.com.br\/blog\/author\/aline-rezende\/\">Aline Rezende<\/a>\r\n            \t\t<\/span>\r\n        <\/aside>\t\t\t\t<\/div>\r\n\t\t\t<\/div>\r\n\t\t<\/div>\r\n\t<\/div><div class=\"p-outer rb-p20-gutter rb-col-m12 rb-col-d6\">\t\t<div class=\"p-wrap p-list p-list-2 post-1645\">\r\n\t\t\t\t\t\t\t<div class=\"col-left\">\r\n\t\t\t\t\t<div class=\"p-feat-holder\">\r\n\t\t\t\t\t\t<div class=\"p-feat\">\r\n\t\t\t\t\t\t\t        <a class=\"p-flink\" href=\"https:\/\/www.dooca.com.br\/blog\/estrategias-de-marketing-digital-para-funil-de-vendas-do-e-commerce\/\"\r\n           title=\"Estrat\u00e9gias de marketing digital para funil de vendas do e-commerce\">\r\n            <span class=\"rb-iwrap pc-75\"><img width=\"280\" height=\"210\" src=\"https:\/\/www.dooca.com.br\/blog\/wp-content\/uploads\/2021\/07\/estrategias-de-marketing-digital-para-funil-de-ecommerce-280x210.jpg\" class=\"attachment-pixwell_280x210 size-pixwell_280x210 wp-post-image\" alt=\"\" loading=\"lazy\" srcset=\"https:\/\/www.dooca.com.br\/blog\/wp-content\/uploads\/2021\/07\/estrategias-de-marketing-digital-para-funil-de-ecommerce-280x210.jpg 280w, https:\/\/www.dooca.com.br\/blog\/wp-content\/uploads\/2021\/07\/estrategias-de-marketing-digital-para-funil-de-ecommerce-560x420.jpg 560w\" sizes=\"(max-width: 280px) 100vw, 280px\" \/><\/span>\r\n        <\/a>\r\n        \t\t\t\t\t\t<\/div>\r\n\t\t\t\t\t\t\t\t\t\t\t<\/div>\r\n\t\t\t\t<\/div>\r\n\t\t\t\t\t\t<div class=\"col-right\">\r\n\t\t\t\t<div class=\"p-header\"><h3 class=\"entry-title\">        <a class=\"p-url\" href=\"https:\/\/www.dooca.com.br\/blog\/estrategias-de-marketing-digital-para-funil-de-vendas-do-e-commerce\/\" rel=\"bookmark\"\r\n           title=\"Estrat\u00e9gias de marketing digital para funil de vendas do e-commerce\">Estrat\u00e9gias de marketing digital para funil de vendas do e-commerce<\/a>\r\n        <\/h3><\/div>\r\n\t\t\t\t                <p class=\"entry-summary\">Entender bem o funil de vendas da sua loja virtual \u00e9 um dos pontos essenciais que voc\u00ea precisa saber para come\u00e7ar no marketing digital.<\/p>\r\n            \t\t\t\t<div class=\"p-footer\">\r\n\t\t\t\t\t<aside class=\"p-meta-info\">        <span class=\"meta-info-el meta-info-author\">\r\n\t\t\t<span class=\"screen-reader-text\">Posted by<\/span>\r\n\t\t\t                <span class=\"meta-avatar\"><img alt='Tiago Assis' src='https:\/\/secure.gravatar.com\/avatar\/b8689be90a45ce0d53210c3e09d4954f?s=22&#038;d=mm&#038;r=g' srcset='https:\/\/secure.gravatar.com\/avatar\/b8689be90a45ce0d53210c3e09d4954f?s=44&#038;d=mm&#038;r=g 2x' class='avatar avatar-22 photo' height='22' width='22' loading='lazy'\/><\/span>\r\n                <a href=\"https:\/\/www.dooca.com.br\/blog\/author\/tiago-assis\/\">Tiago Assis<\/a>\r\n            \t\t<\/span>\r\n        <\/aside>\t\t\t\t<\/div>\r\n\t\t\t<\/div>\r\n\t\t<\/div>\r\n\t<\/div>\t\t<\/div>\r\n\t\t<\/div>\r\n\t<\/div><\/div><\/div><\/div><div id=\"uid_82ab39a5b\" class=\"rbc-row rbc-fw-section clearfix is-fullwide\"><div class=\"rbc-container rb-p20-gutter\"><div class=\"rbc-content\"><p>\t\t<div id=\"uid_4329a9942\" class=\"block-wrap fw-block block-cta-1 none-margin is-light-text\" >\r\n\t\t\t<div class=\"rbc-container cta-inner rb-p20-gutter\">\r\n\r\n\t\t\t\t\t\t\t<h3 class=\"cta-title\">Crie sua loja virtual agora e venda na internet sem pagar mensalidade<\/h3>\r\n\t\t\t\t\t\t<div class=\"cta-btn-wrap\">\r\n\t\t\t\t\t\t\t\t\t<a href=\"https:\/\/cadastro.dooca.store\/\" class=\"cta-btn cta-btn-1 is-bg\" target=\"self\"><span>Quero criar minha loja virtual<\/span><\/a>\r\n\t\t\t\t\t\t\t<\/div>\r\n\t\t<\/div>\r\n\t\t<\/div><\/p>\n<\/div><\/div><\/div><\/p>\n","protected":false},"excerpt":{"rendered":"","protected":false},"author":3,"featured_media":0,"parent":0,"menu_order":0,"comment_status":"closed","ping_status":"closed","template":"rbc-frontend.php","meta":[],"yoast_head":"<!-- This site is optimized with the Yoast SEO plugin v19.6.1 - https:\/\/yoast.com\/wordpress\/plugins\/seo\/ -->\n<title>Blog Dooca Commerce - Dooca Commerce Blog<\/title>\n<meta name=\"description\" content=\"Crie sua loja virtual gr\u00e1tis agora e venda online na internet sem pagar mensalidade. Acesse diversos materiais gratuitos sobre e-commerce.\" \/>\n<meta name=\"robots\" content=\"index, follow, max-snippet:-1, max-image-preview:large, max-video-preview:-1\" \/>\n<link rel=\"canonical\" href=\"https:\/\/www.dooca.com.br\/blog\/\" \/>\n<meta property=\"og:locale\" content=\"pt_BR\" \/>\n<meta property=\"og:type\" content=\"article\" \/>\n<meta property=\"og:title\" content=\"Blog Dooca Commerce - O blog da sua loja virtual\" \/>\n<meta property=\"og:description\" content=\"Crie sua loja virtual gr\u00e1tis agora e venda online na internet sem pagar mensalidade. Acesse diversos materiais gratuitos sobre e-commerce.\" \/>\n<meta property=\"og:url\" content=\"https:\/\/www.dooca.com.br\/blog\/\" \/>\n<meta property=\"og:site_name\" content=\"Dooca Commerce Blog\" \/>\n<meta property=\"article:publisher\" content=\"https:\/\/web.facebook.com\/dooca.commerce?_rdc=1&amp;amp%3bamp%3bamp%3bamp%3bamp%3bamp%3bamp%3bamp%3bamp%3bamp%3bamp%3bamp%3bamp%3bamp%3bamp%3bamp%3bamp%3bamp%3bamp%3bamp%3bamp%3bamp%3bamp%3bamp%3bamp%3bamp%3bamp%3bamp%3bamp%3bamp%3bamp%3bamp%3bamp%3b_rdr\" \/>\n<meta property=\"article:modified_time\" content=\"2022-09-01T18:28:58+00:00\" \/>\n<meta property=\"og:image\" content=\"https:\/\/www.dooca.com.br\/blog\/wp-content\/uploads\/2022\/08\/share.jpg\" \/>\n\t<meta property=\"og:image:width\" content=\"1280\" \/>\n\t<meta property=\"og:image:height\" content=\"720\" \/>\n\t<meta property=\"og:image:type\" content=\"image\/jpeg\" \/>\n<meta name=\"twitter:card\" content=\"summary_large_image\" \/>\n<meta name=\"twitter:label1\" content=\"Est. tempo de leitura\" \/>\n\t<meta name=\"twitter:data1\" content=\"1 minuto\" \/>\n<script type=\"application\/ld+json\" class=\"yoast-schema-graph\">{\"@context\":\"https:\/\/schema.org\",\"@graph\":[{\"@type\":\"WebPage\",\"@id\":\"https:\/\/www.dooca.com.br\/blog\/\",\"url\":\"https:\/\/www.dooca.com.br\/blog\/\",\"name\":\"Blog Dooca Commerce - Dooca Commerce Blog\",\"isPartOf\":{\"@id\":\"https:\/\/www.dooca.com.br\/blog\/#website\"},\"datePublished\":\"2022-08-15T20:52:26+00:00\",\"dateModified\":\"2022-09-01T18:28:58+00:00\",\"description\":\"Crie sua loja virtual gr\u00e1tis agora e venda online na internet sem pagar mensalidade. Acesse diversos materiais gratuitos sobre e-commerce.\",\"breadcrumb\":{\"@id\":\"https:\/\/www.dooca.com.br\/blog\/#breadcrumb\"},\"inLanguage\":\"pt-BR\",\"potentialAction\":[{\"@type\":\"ReadAction\",\"target\":[\"https:\/\/www.dooca.com.br\/blog\/\"]}]},{\"@type\":\"BreadcrumbList\",\"@id\":\"https:\/\/www.dooca.com.br\/blog\/#breadcrumb\",\"itemListElement\":[{\"@type\":\"ListItem\",\"position\":1,\"name\":\"Home\",\"item\":\"https:\/\/www.dooca.com.br\/blog\/\"},{\"@type\":\"ListItem\",\"position\":2,\"name\":\"Blog Dooca Commerce\"}]},{\"@type\":\"WebSite\",\"@id\":\"https:\/\/www.dooca.com.br\/blog\/#website\",\"url\":\"https:\/\/www.dooca.com.br\/blog\/\",\"name\":\"Dooca Commerce Blog\",\"description\":\"Not\u00edcias, v\u00eddeos e e-books gratuitos sobre o universo de lojas virtuais.\",\"publisher\":{\"@id\":\"https:\/\/www.dooca.com.br\/blog\/#organization\"},\"potentialAction\":[{\"@type\":\"SearchAction\",\"target\":{\"@type\":\"EntryPoint\",\"urlTemplate\":\"https:\/\/www.dooca.com.br\/blog\/?s={search_term_string}\"},\"query-input\":\"required name=search_term_string\"}],\"inLanguage\":\"pt-BR\"},{\"@type\":\"Organization\",\"@id\":\"https:\/\/www.dooca.com.br\/blog\/#organization\",\"name\":\"Dooca Commerce\",\"url\":\"https:\/\/www.dooca.com.br\/blog\/\",\"sameAs\":[\"https:\/\/www.instagram.com\/dooca.commerce\/\",\"https:\/\/br.linkedin.com\/company\/doocacommerce\",\"https:\/\/www.youtube.com\/channel\/UCCGBsQEj03aMqyVXTFwnjMw\",\"https:\/\/web.facebook.com\/dooca.commerce?_rdc=1&amp;amp;amp;amp;amp;amp;amp;amp;amp;amp;amp;amp;amp;amp;amp;amp;amp;amp;amp;amp;amp;amp;amp;amp;amp;amp;amp;amp;amp;amp;amp;amp;amp;_rdr\"],\"logo\":{\"@type\":\"ImageObject\",\"inLanguage\":\"pt-BR\",\"@id\":\"https:\/\/www.dooca.com.br\/blog\/#\/schema\/logo\/image\/\",\"url\":\"https:\/\/www.dooca.com.br\/blog\/wp-content\/uploads\/2021\/05\/cropped-fb_icon.png\",\"contentUrl\":\"https:\/\/www.dooca.com.br\/blog\/wp-content\/uploads\/2021\/05\/cropped-fb_icon.png\",\"width\":512,\"height\":512,\"caption\":\"Dooca Commerce\"},\"image\":{\"@id\":\"https:\/\/www.dooca.com.br\/blog\/#\/schema\/logo\/image\/\"}}]}<\/script>\n<!-- \/ Yoast SEO plugin. -->","yoast_head_json":{"title":"Blog Dooca Commerce - Dooca Commerce Blog","description":"Crie sua loja virtual gr\u00e1tis agora e venda online na internet sem pagar mensalidade. Acesse diversos materiais gratuitos sobre e-commerce.","robots":{"index":"index","follow":"follow","max-snippet":"max-snippet:-1","max-image-preview":"max-image-preview:large","max-video-preview":"max-video-preview:-1"},"canonical":"https:\/\/www.dooca.com.br\/blog\/","og_locale":"pt_BR","og_type":"article","og_title":"Blog Dooca Commerce - O blog da sua loja virtual","og_description":"Crie sua loja virtual gr\u00e1tis agora e venda online na internet sem pagar mensalidade. Acesse diversos materiais gratuitos sobre e-commerce.","og_url":"https:\/\/www.dooca.com.br\/blog\/","og_site_name":"Dooca Commerce Blog","article_publisher":"https:\/\/web.facebook.com\/dooca.commerce?_rdc=1&amp%3bamp%3bamp%3bamp%3bamp%3bamp%3bamp%3bamp%3bamp%3bamp%3bamp%3bamp%3bamp%3bamp%3bamp%3bamp%3bamp%3bamp%3bamp%3bamp%3bamp%3bamp%3bamp%3bamp%3bamp%3bamp%3bamp%3bamp%3bamp%3bamp%3bamp%3bamp%3bamp%3b_rdr","article_modified_time":"2022-09-01T18:28:58+00:00","og_image":[{"width":1280,"height":720,"url":"https:\/\/www.dooca.com.br\/blog\/wp-content\/uploads\/2022\/08\/share.jpg","type":"image\/jpeg"}],"twitter_card":"summary_large_image","twitter_misc":{"Est. tempo de leitura":"1 minuto"},"schema":{"@context":"https:\/\/schema.org","@graph":[{"@type":"WebPage","@id":"https:\/\/www.dooca.com.br\/blog\/","url":"https:\/\/www.dooca.com.br\/blog\/","name":"Blog Dooca Commerce - Dooca Commerce Blog","isPartOf":{"@id":"https:\/\/www.dooca.com.br\/blog\/#website"},"datePublished":"2022-08-15T20:52:26+00:00","dateModified":"2022-09-01T18:28:58+00:00","description":"Crie sua loja virtual gr\u00e1tis agora e venda online na internet sem pagar mensalidade. Acesse diversos materiais gratuitos sobre e-commerce.","breadcrumb":{"@id":"https:\/\/www.dooca.com.br\/blog\/#breadcrumb"},"inLanguage":"pt-BR","potentialAction":[{"@type":"ReadAction","target":["https:\/\/www.dooca.com.br\/blog\/"]}]},{"@type":"BreadcrumbList","@id":"https:\/\/www.dooca.com.br\/blog\/#breadcrumb","itemListElement":[{"@type":"ListItem","position":1,"name":"Home","item":"https:\/\/www.dooca.com.br\/blog\/"},{"@type":"ListItem","position":2,"name":"Blog Dooca Commerce"}]},{"@type":"WebSite","@id":"https:\/\/www.dooca.com.br\/blog\/#website","url":"https:\/\/www.dooca.com.br\/blog\/","name":"Dooca Commerce Blog","description":"Not\u00edcias, v\u00eddeos e e-books gratuitos sobre o universo de lojas virtuais.","publisher":{"@id":"https:\/\/www.dooca.com.br\/blog\/#organization"},"potentialAction":[{"@type":"SearchAction","target":{"@type":"EntryPoint","urlTemplate":"https:\/\/www.dooca.com.br\/blog\/?s={search_term_string}"},"query-input":"required name=search_term_string"}],"inLanguage":"pt-BR"},{"@type":"Organization","@id":"https:\/\/www.dooca.com.br\/blog\/#organization","name":"Dooca Commerce","url":"https:\/\/www.dooca.com.br\/blog\/","sameAs":["https:\/\/www.instagram.com\/dooca.commerce\/","https:\/\/br.linkedin.com\/company\/doocacommerce","https:\/\/www.youtube.com\/channel\/UCCGBsQEj03aMqyVXTFwnjMw","https:\/\/web.facebook.com\/dooca.commerce?_rdc=1&amp;amp;amp;amp;amp;amp;amp;amp;amp;amp;amp;amp;amp;amp;amp;amp;amp;amp;amp;amp;amp;amp;amp;amp;amp;amp;amp;amp;amp;amp;amp;amp;amp;_rdr"],"logo":{"@type":"ImageObject","inLanguage":"pt-BR","@id":"https:\/\/www.dooca.com.br\/blog\/#\/schema\/logo\/image\/","url":"https:\/\/www.dooca.com.br\/blog\/wp-content\/uploads\/2021\/05\/cropped-fb_icon.png","contentUrl":"https:\/\/www.dooca.com.br\/blog\/wp-content\/uploads\/2021\/05\/cropped-fb_icon.png","width":512,"height":512,"caption":"Dooca Commerce"},"image":{"@id":"https:\/\/www.dooca.com.br\/blog\/#\/schema\/logo\/image\/"}}]}},"_links":{"self":[{"href":"https:\/\/www.dooca.com.br\/blog\/wp-json\/wp\/v2\/pages\/2981"}],"collection":[{"href":"https:\/\/www.dooca.com.br\/blog\/wp-json\/wp\/v2\/pages"}],"about":[{"href":"https:\/\/www.dooca.com.br\/blog\/wp-json\/wp\/v2\/types\/page"}],"author":[{"embeddable":true,"href":"https:\/\/www.dooca.com.br\/blog\/wp-json\/wp\/v2\/users\/3"}],"replies":[{"embeddable":true,"href":"https:\/\/www.dooca.com.br\/blog\/wp-json\/wp\/v2\/comments?post=2981"}],"version-history":[{"count":227,"href":"https:\/\/www.dooca.com.br\/blog\/wp-json\/wp\/v2\/pages\/2981\/revisions"}],"predecessor-version":[{"id":3378,"href":"https:\/\/www.dooca.com.br\/blog\/wp-json\/wp\/v2\/pages\/2981\/revisions\/3378"}],"wp:attachment":[{"href":"https:\/\/www.dooca.com.br\/blog\/wp-json\/wp\/v2\/media?parent=2981"}],"curies":[{"name":"wp","href":"https:\/\/api.w.org\/{rel}","templated":true}]}}